{"id":26141,"date":"2023-09-25T19:47:08","date_gmt":"2023-09-25T17:47:08","guid":{"rendered":"https:\/\/tossacycling.com\/?page_id=26141"},"modified":"2023-10-07T12:48:15","modified_gmt":"2023-10-07T10:48:15","slug":"gravel-tour-de-girona-2023","status":"publish","type":"page","link":"https:\/\/tossacycling.com\/en\/gravel-tour-de-girona-2023\/","title":{"rendered":"Gravel Tour de Girona 2023"},"content":{"rendered":"<div class=\"wpb-content-wrapper\"><p>[vc_row full_height=&#8221;yes&#8221;][vc_column]<style>.shortcode_getbowtied_slider .shortcode-slider-pagination .swiper-pagination-bullet.swiper-pagination-bullet-active:after{background-color: #ffffff;}<\/style>\r\n\r\n\t\t<div class=\"shortcode_getbowtied_slider swiper-container swiper-69f3648fe0e56 full_height\" style=\" width: 100%\" data-autoplay=\"5\" data-id=\"69f3648fe0e56\">\r\n\t\t\t<div class=\"swiper-wrapper\">\r\n\t\t\t\r\n\t\t\t<div class=\"swiper-slide center-align\"\r\n\t\t\tstyle=\t\"background: #ffffff url(https:\/\/tossacycling.com\/wp-content\/uploads\/2023\/09\/Gravel_GIRONA_1.jpg) center center no-repeat ;\r\n\t\t\t\t\t-webkit-background-size: cover;\r\n\t\t\t\t\t-moz-background-size: cover;\r\n\t\t\t\t\t-o-background-size: cover;\r\n\t\t\t\t\tbackground-size: cover;\r\n\t\t\t\t\tcolor: #ffffff\">\r\n\t\t\t\thttp:\/\/a%20href=#opis%20class=fullslidelink\/a\r\n\t\t\t\t<div class=\"slider-content\" data-swiper-parallax=\"-50%\">\r\n\t\t\t\t\t<div class=\"slider-content-wrapper\">\r\n\t\t\t\t\t\t<h2 class=\"primary_font\" style=\"color:#ffffff;font-size:64px;line-height: 64px\">GRAVEL Tour de Girona 2023<\/h2>\r\n\t\t\t\t\t\t<p class=\"primary_font\" style=\"color:#ffffff;font-size:21px;line-height: 21px\">21-28\/10\/2023<\/p>\r\n\t\t\t\t\t\t<a class=\"button\" style=\"color:#ffffff !important;background: #434c00 !important\" href=\"#opis\">Opis<\/a>\r\n\t\t\t\t\t<\/div>\r\n\t\t\t\t<\/div>\r\n\t\t\t<\/div>\r\n\t\t\t<div class=\"swiper-slide center-align\"\r\n\t\t\tstyle=\t\"background: #ffffff url(https:\/\/tossacycling.com\/wp-content\/uploads\/2023\/10\/Cap_de_Creus.png) center center no-repeat ;\r\n\t\t\t\t\t-webkit-background-size: cover;\r\n\t\t\t\t\t-moz-background-size: cover;\r\n\t\t\t\t\t-o-background-size: cover;\r\n\t\t\t\t\tbackground-size: cover;\r\n\t\t\t\t\tcolor: #ffffff\">\r\n\t\t\t\thttp:\/\/a%20href=#oferta%20class=fullslidelink\/a\r\n\t\t\t\t<div class=\"slider-content\" data-swiper-parallax=\"-50%\">\r\n\t\t\t\t\t<div class=\"slider-content-wrapper\">\r\n\t\t\t\t\t\t<h2 class=\"primary_font\" style=\"color:#ffffff;font-size:64px;line-height: 64px\">FULL SUPPORT<\/h2>\r\n\t\t\t\t\t\t<p class=\"primary_font\" style=\"color:#ffffff;font-size:21px;line-height: 21px\">Event z pe\u0142nym wsparciem do\u015bwiadczonego zespo\u0142u!<\/p>\r\n\t\t\t\t\t\t<a class=\"button\" style=\"color:#ffffff !important;background: #434c00 !important\" href=\"#oferta\">SZCZEG\u00d3LY OFERTY<\/a>\r\n\t\t\t\t\t<\/div>\r\n\t\t\t\t<\/div>\r\n\t\t\t<\/div>\r\n\t\t\t<div class=\"swiper-slide center-align\"\r\n\t\t\tstyle=\t\"background: #ffffff url(https:\/\/tossacycling.com\/wp-content\/uploads\/2023\/09\/Gravel_GIRONA.jpg) center center no-repeat ;\r\n\t\t\t\t\t-webkit-background-size: cover;\r\n\t\t\t\t\t-moz-background-size: cover;\r\n\t\t\t\t\t-o-background-size: cover;\r\n\t\t\t\t\tbackground-size: cover;\r\n\t\t\t\t\tcolor: #ffffff\">\r\n\t\t\t\thttp:\/\/a%20href=#formularz%20class=fullslidelink\/a\r\n\t\t\t\t<div class=\"slider-content\" data-swiper-parallax=\"-50%\">\r\n\t\t\t\t\t<div class=\"slider-content-wrapper\">\r\n\t\t\t\t\t\t<h2 class=\"primary_font\" style=\"color:#ffffff;font-size:64px;line-height: 64px\">ZAPISZ SIE!<\/h2>\r\n\t\t\t\t\t\t<p class=\"primary_font\" style=\"color:#ffffff;font-size:21px;line-height: 21px\">We\u017a udzia\u0142 w prawdziwej kolarskiej przygodzie!<\/p>\r\n\t\t\t\t\t\t<a class=\"button\" style=\"color:#ffffff !important;background: #434c00 !important\" href=\"#formularz\">FORMULARZ<\/a>\r\n\t\t\t\t\t<\/div>\r\n\t\t\t\t<\/div>\r\n\t\t\t<\/div>\r\n\t\t\t<\/div>\r\n\t\t\t\t<div style=\"color: #ffffff\" class=\"swiper-button-prev\"><i class=\"spk-icon spk-icon-left-arrow-thin-large\"><\/i><\/div>\r\n    \t\t\t<div style=\"color: #ffffff\" class=\"swiper-button-next\"><i class=\"spk-icon spk-icon-right-arrow-thin-large\"><\/i><\/div>\r\n\t\t\t\t<div style=\"color: #ffffff\" class=\"shortcode-slider-pagination\"><\/div><\/div>[\/vc_column][\/vc_row][vc_row full_height=&#8221;yes&#8221; equal_height=&#8221;yes&#8221; content_placement=&#8221;middle&#8221; el_id=&#8221;opis&#8221; css=&#8221;.vc_custom_1695667767280{margin-top: 100px !important;margin-right: 10px !important;margin-left: 10px !important;}&#8221;][vc_column width=&#8221;1\/3&#8243; offset=&#8221;vc_col-lg-offset-0 vc_col-lg-2 vc_col-md-offset-0 vc_col-md-1 vc_col-sm-offset-0 vc_hidden-sm vc_hidden-xs&#8221;][\/vc_column][vc_column offset=&#8221;vc_col-lg-8 vc_col-md-10 vc_col-xs-12&#8243;][vc_column_text]<\/p>\n<h1><strong>GRAVEL Tour de Girona 2023<\/strong><\/h1>\n<p>[\/vc_column_text][vc_column_text]<\/p>\n<h3>Kolarska przygoda w GRAVELOWYM RAJU.<\/h3>\n<p>Podczas tego eventu uczestnicy b\u0119d\u0105 mieli okazj\u0119 przejecha\u0107 okr\u0119\u017cn\u0105 tras\u0119 wok\u00f3\u0142 regionu Girona. Trasa podzielona jest na 5 dobrze zaplanowanych etap\u00f3w. Pomi\u0119dzy nimi ca\u0142a grupa b\u0119dzie go\u015bci\u0107 w najbardziej charakterystycznych miejscach [miastach i wioskach] regionu.<\/p>\n<p>Ide\u0105 kryj\u0105c\u0105 si\u0119 za tras\u0105 jest [prawie ca\u0142kowite] od\u0142\u0105czenie si\u0119 od asfaltu i trzymanie si\u0119 z dala od ruchu ulicznego. Zanurzymy si\u0119 i &#8220;zgubimy&#8221; w dziewiczej cz\u0119\u015bci okreg\u00f3w: Girones, La Garrotxa, Alt y Baix Empord\u00e0 y La Selva.<\/p>\n<p>Personel skupi si\u0119 na kontrolowaniu proces\u00f3w wymeldowania i zameldowania z hotelu przed i po ka\u017cdym etapie, a zw\u0142aszcza na przygotowaniu przerwy po\u0142udniowej najwy\u017cszej jako\u015bci.<\/p>\n<p>Zakwaterowanie zostanie zorganizowane w hotelach o wysokim standardzie [ *** \/ **** ], kt\u00f3re oferuj\u0105 optymalne warunki dla rowerzyst\u00f3w.<\/p>\n<p>Uczestnicy mog\u0105 przywie\u017a\u0107 w\u0142asne rowery lub po prostu wypo\u017cyczy\u0107 jeden z naszych rower\u00f3w gravelowych.[\/vc_column_text][vc_message message_box_style=&#8221;solid&#8221; style=&#8221;square&#8221; message_box_color=&#8221;vista_blue&#8221; icon_fontawesome=&#8221;fas fa-tag&#8221;]<\/p>\n<p style=\"text-align: center;\"><strong>Podstawowy koszt uczestnictwa: 1550 \u20ac \/ os.<\/strong><\/p>\n<p>[\/vc_message][vc_column_text]<\/p>\n<h3><strong>Zapoznaj si\u0119 ze szczeg\u00f3\u0142ow\u0105 tras\u0105 ka\u017cdego etapu:<\/strong><\/h3>\n<p>[\/vc_column_text][vc_row_inner el_class=&#8221;map_col&#8221;][vc_column_inner width=&#8221;1\/2&#8243;][vc_column_text]<\/p>\n<h2>Etap 1<\/h2>\n<h3>Girona &#8211; Figueras<\/h3>\n<p>[\/vc_column_text][vc_raw_html]JTNDZGl2JTIwY2xhc3MlM0QlMjJzdHJhdmEtZW1iZWQtcGxhY2Vob2xkZXIlMjIlMjBkYXRhLWVtYmVkLXR5cGUlM0QlMjJyb3V0ZSUyMiUyMGRhdGEtZW1iZWQtaWQlM0QlMjIzMTQxNDE2MDk4Mzc1MjA1MjUwJTIyJTIwZGF0YS1mdWxsLXdpZHRoJTNEJTIydHJ1ZSUyMiUzRSUzQyUyRmRpdiUzRSUzQ3NjcmlwdCUyMHNyYyUzRCUyMmh0dHBzJTNBJTJGJTJGc3RyYXZhLWVtYmVkcy5jb20lMkZlbWJlZC5qcyUyMiUzRSUzQyUyRnNjcmlwdCUzRQ==[\/vc_raw_html][\/vc_column_inner][vc_column_inner width=&#8221;1\/2&#8243;][vc_column_text]<\/p>\n<h2>Etap 2<\/h2>\n<h3>Figueras &#8211; Port de la Selva<\/h3>\n<p>[\/vc_column_text][vc_raw_html]JTNDZGl2JTIwY2xhc3MlM0QlMjJzdHJhdmEtZW1iZWQtcGxhY2Vob2xkZXIlMjIlMjBkYXRhLWVtYmVkLXR5cGUlM0QlMjJyb3V0ZSUyMiUyMGRhdGEtZW1iZWQtaWQlM0QlMjIzMTQxNDE3NTM0OTc1NjkzMTg2JTIyJTIwZGF0YS1mdWxsLXdpZHRoJTNEJTIydHJ1ZSUyMiUzRSUzQyUyRmRpdiUzRSUzQ3NjcmlwdCUyMHNyYyUzRCUyMmh0dHBzJTNBJTJGJTJGc3RyYXZhLWVtYmVkcy5jb20lMkZlbWJlZC5qcyUyMiUzRSUzQyUyRnNjcmlwdCUzRQ==[\/vc_raw_html][\/vc_column_inner][\/vc_row_inner][vc_row_inner el_class=&#8221;map_col&#8221;][vc_column_inner width=&#8221;1\/2&#8243;][vc_column_text]<\/p>\n<h2>Etap 3<\/h2>\n<h3>Port de la Selva &#8211; L&#8217;Escala<\/h3>\n<p>[\/vc_column_text][vc_raw_html]JTNDZGl2JTIwY2xhc3MlM0QlMjJzdHJhdmEtZW1iZWQtcGxhY2Vob2xkZXIlMjIlMjBkYXRhLWVtYmVkLXR5cGUlM0QlMjJyb3V0ZSUyMiUyMGRhdGEtZW1iZWQtaWQlM0QlMjIzMTQxNDIxNTA2OTYyMTcyMjkwJTIyJTIwZGF0YS1mdWxsLXdpZHRoJTNEJTIydHJ1ZSUyMiUzRSUzQyUyRmRpdiUzRSUzQ3NjcmlwdCUyMHNyYyUzRCUyMmh0dHBzJTNBJTJGJTJGc3RyYXZhLWVtYmVkcy5jb20lMkZlbWJlZC5qcyUyMiUzRSUzQyUyRnNjcmlwdCUzRQ==[\/vc_raw_html][\/vc_column_inner][vc_column_inner width=&#8221;1\/2&#8243;][vc_column_text]<\/p>\n<h2>Etap 4<\/h2>\n<h3>L&#8217;Escala &#8211; Castell d&#8217;Empord\u00e0<\/h3>\n<p>[\/vc_column_text][vc_raw_html]JTNDZGl2JTIwY2xhc3MlM0QlMjJzdHJhdmEtZW1iZWQtcGxhY2Vob2xkZXIlMjIlMjBkYXRhLWVtYmVkLXR5cGUlM0QlMjJyb3V0ZSUyMiUyMGRhdGEtZW1iZWQtaWQlM0QlMjIzMTQxNDIyNjM5OTIzMDU5OTMwJTIyJTIwZGF0YS1mdWxsLXdpZHRoJTNEJTIydHJ1ZSUyMiUzRSUzQyUyRmRpdiUzRSUzQ3NjcmlwdCUyMHNyYyUzRCUyMmh0dHBzJTNBJTJGJTJGc3RyYXZhLWVtYmVkcy5jb20lMkZlbWJlZC5qcyUyMiUzRSUzQyUyRnNjcmlwdCUzRQ==[\/vc_raw_html][\/vc_column_inner][\/vc_row_inner][vc_row_inner el_class=&#8221;map_col&#8221;][vc_column_inner width=&#8221;1\/2&#8243; offset=&#8221;vc_col-md-offset-3 vc_col-md-6 vc_col-sm-offset-3 vc_col-xs-12&#8243;][vc_column_text]<\/p>\n<h2>Etap 5<\/h2>\n<h3>Castell d&#8217;Empord\u00e0 &#8211; Girona<\/h3>\n<p>[\/vc_column_text][vc_raw_html]JTNDZGl2JTIwY2xhc3MlM0QlMjJzdHJhdmEtZW1iZWQtcGxhY2Vob2xkZXIlMjIlMjBkYXRhLWVtYmVkLXR5cGUlM0QlMjJyb3V0ZSUyMiUyMGRhdGEtZW1iZWQtaWQlM0QlMjIzMTQxNDI0NDk3NDUxOTE4NzIyJTIyJTIwZGF0YS1mdWxsLXdpZHRoJTNEJTIydHJ1ZSUyMiUzRSUzQyUyRmRpdiUzRSUzQ3NjcmlwdCUyMHNyYyUzRCUyMmh0dHBzJTNBJTJGJTJGc3RyYXZhLWVtYmVkcy5jb20lMkZlbWJlZC5qcyUyMiUzRSUzQyUyRnNjcmlwdCUzRQ==[\/vc_raw_html][\/vc_column_inner][\/vc_row_inner][vc_column_text]<\/p>\n<h3>Ca\u0142a p\u0119tla i jej powi\u0105zane z ni\u0105 globalne dane:<\/h3>\n<p>[\/vc_column_text][vc_raw_html]JTNDZGl2JTIwY2xhc3MlM0QlMjJzdHJhdmEtZW1iZWQtcGxhY2Vob2xkZXIlMjIlMjBkYXRhLWVtYmVkLXR5cGUlM0QlMjJyb3V0ZSUyMiUyMGRhdGEtZW1iZWQtaWQlM0QlMjIzMTQxNDU5Njk3MTcwOTI5MDI2JTIyJTIwZGF0YS1mdWxsLXdpZHRoJTNEJTIydHJ1ZSUyMiUzRSUzQyUyRmRpdiUzRSUzQ3NjcmlwdCUyMHNyYyUzRCUyMmh0dHBzJTNBJTJGJTJGc3RyYXZhLWVtYmVkcy5jb20lMkZlbWJlZC5qcyUyMiUzRSUzQyUyRnNjcmlwdCUzRQ==[\/vc_raw_html][\/vc_column][vc_column width=&#8221;1\/3&#8243; offset=&#8221;vc_col-lg-2 vc_col-md-1 vc_hidden-sm vc_hidden-xs&#8221;][\/vc_column][\/vc_row][vc_row][vc_column][vc_separator color=&#8221;black&#8221; border_width=&#8221;3&#8243; el_width=&#8221;80&#8243;][\/vc_column][\/vc_row][vc_row full_height=&#8221;yes&#8221; equal_height=&#8221;yes&#8221; content_placement=&#8221;middle&#8221; css=&#8221;.vc_custom_1696673546453{margin-top: 100px !important;margin-right: 10px !important;margin-left: 10px !important;}&#8221; el_id=&#8221;oferta&#8221;][vc_column width=&#8221;1\/3&#8243; offset=&#8221;vc_col-lg-offset-0 vc_col-lg-2 vc_col-md-offset-0 vc_col-md-1 vc_col-sm-offset-0 vc_hidden-sm vc_hidden-xs&#8221;][\/vc_column][vc_column offset=&#8221;vc_col-lg-8 vc_col-md-10 vc_col-xs-12&#8243;][vc_tta_tabs shape=&#8221;square&#8221; spacing=&#8221;5&#8243; active_section=&#8221;1&#8243; no_fill_content_area=&#8221;true&#8221;][vc_tta_section title=&#8221;Czy ten event jest dla mnie?&#8221; tab_id=&#8221;1670183286618-d3532243-0925&#8243;][vc_column_text]Impreza ma formu\u0142\u0119 rowerowej przygody na wysokim poziomie i w doborowym towarzystwie.<\/p>\n<p>Zaplanowane etapy nie s\u0105 ekstremalnie wymagaj\u0105ce pod \u017cadnym wzgl\u0119dem.<\/p>\n<p>Uczestnicy b\u0119d\u0105 mogli [w razie potrzeby] skr\u00f3ci\u0107 lub pomin\u0105\u0107 wybrane etapy.<\/p>\n<p><strong>TEN WYJAZD TO&#8230;\u00a0 ZABAW\u0104 DLA KA\u017bDEGO!<\/strong>[\/vc_column_text][\/vc_tta_section][vc_tta_section title=&#8221;Co wchodzi w sk\u0142ad oferty?&#8221; tab_id=&#8221;1670183287839-e67e22cc-3eed&#8221;][vc_column_text]<\/p>\n<ul>\n<li>5 etap\u00f3w z do\u015bwiadczonymi przewodnikami<\/li>\n<li>Pojazd wsparcia i mechanik rowerowy przez ca\u0142y czas trwania imprezy<\/li>\n<li>Zakwaterowanie w 3-4 gwiazdkowych hotelach<\/li>\n<li>\u015aniadanie sportowe<\/li>\n<li>Przerwa na posi\u0142ek podczas ka\u017cdego etapu (odpowiednia i dobrze zorganizowana)<\/li>\n<li>Transfer baga\u017cu mi\u0119dzy hotelami<\/li>\n<li>Transfer z\/na lotnisko [przylot i odlot \/ lotniska w Gironie lub Barcelonie] dla uczestnik\u00f3w i ich rower\u00f3w [dopasowany do wybranych &#8211; wskazanych lot\u00f3w].<\/li>\n<li>Podstawowy przegl\u0105d i konserwacja roweru po ka\u017cdym etapie.<\/li>\n<li><strong>WA\u017bNE: Przeloty oraz kolacje nie s\u0105 wliczone w cen\u0119 imprezy.<\/strong><\/li>\n<\/ul>\n<p>[\/vc_column_text][\/vc_tta_section][vc_tta_section title=&#8221;Wsparcie podczas trwania eventu&#8221; tab_id=&#8221;1670183287902-31000ec4-5ce9&#8243;][vc_column_text]<\/p>\n<h3>Pe\u0142ne wsparcie!<\/h3>\n<p>Podczas etap\u00f3w uczestnicy s\u0105 w pe\u0142ni wspierani przez nasz zesp\u00f3\u0142 przewodnik\u00f3w i pojazd\u00f3w.<\/p>\n<p>Na ka\u017cdym etapie serwujemy lunch na poboczu drogi: dobrze przygotowany przystanek z bufetem zawieraj\u0105cym w\u0119glowodany, bia\u0142ka, owoce i r\u00f3\u017cne rodzaje napoj\u00f3w.<\/p>\n<p>Przewodnicy Tossa Cycling s\u0105 bardzo do\u015bwiadczeni. Opr\u00f3cz prowadzenia grup, dbaj\u0105 oni o ich bezpiecze\u0144stwo, motywacj\u0119 i od\u017cywianie. Przewodnicy m\u00f3wi\u0105 w lokalnym j\u0119zyku i bardzo dobrze znaj\u0105 region.[\/vc_column_text][\/vc_tta_section][vc_tta_section title=&#8221;Zakwaterowanie i wy\u017cywienie&#8221; tab_id=&#8221;1670183287929-ab249946-6467&#8243;][vc_column_text]\u015aniadanie i od\u017cywki serwowane podczas trwania etap\u00f3w wycieczk\u0119 przygotowane s\u0105 specjalnie dla kolarzy.<\/p>\n<p>Uczestnicy rozpoczn\u0105 dzie\u0144 od \u015bniadania w formie bufetu w hotelu. Po drodze zjedz\u0105 wydajny lunch serwowany przez zesp\u00f3\u0142 wsparcia.<\/p>\n<p>Kolacja nie jest wliczona w cen\u0119, aby uczestnicy mogli cieszy\u0107 si\u0119 popo\u0142udniami i wieczorami w miasteczkach etapowych na sw\u00f3j dowolny spos\u00f3b.[\/vc_column_text][\/vc_tta_section][vc_tta_section title=&#8221;Mo\u017cliwo\u015b\u0107 wypo\u017cyczenia roweru&#8221; tab_id=&#8221;1670183287966-e9c1ee0c-935f&#8221;][vc_column_text]Tossa Cycling oferuje dobrej jako\u015bci rowery gravelowe, kt\u00f3re mo\u017cna wypo\u017cyczy\u0107 na czas tego wydarzenia. Us\u0142ug\u0119 t\u0119 mo\u017cna doda\u0107 do rezerwacji w formularzu zapis\u00f3w.[\/vc_column_text][\/vc_tta_section][\/vc_tta_tabs][\/vc_column][vc_column width=&#8221;1\/3&#8243; offset=&#8221;vc_col-lg-2 vc_col-md-1 vc_hidden-sm vc_hidden-xs&#8221;][\/vc_column][\/vc_row][vc_row][vc_column][vc_separator color=&#8221;black&#8221; border_width=&#8221;3&#8243; el_width=&#8221;80&#8243;][\/vc_column][\/vc_row][vc_row full_height=&#8221;yes&#8221; equal_height=&#8221;yes&#8221; content_placement=&#8221;middle&#8221; el_id=&#8221;formularz&#8221; css=&#8221;.vc_custom_1695676458118{margin-right: 10px !important;margin-left: 10px !important;}&#8221;][vc_column width=&#8221;1\/3&#8243; offset=&#8221;vc_col-lg-offset-0 vc_col-lg-2 vc_col-md-offset-0 vc_col-md-1 vc_col-sm-offset-0 vc_hidden-sm vc_hidden-xs&#8221;][\/vc_column][vc_column offset=&#8221;vc_col-lg-8 vc_col-md-10 vc_col-xs-12&#8243;][vc_btn title=&#8221;Przejd\u017a do formularza zapis\u00f3w&#8221; style=&#8221;classic&#8221; shape=&#8221;square&#8221; color=&#8221;danger&#8221; align=&#8221;center&#8221; link=&#8221;url:https%3A%2F%2Ftossacycling.com%2Fgravel-tour-de-girona-2023%2Fformularz_zapisow|title:Formularz%20zapis%C3%B3w%20%7C%20GRAVEL%20Tour%20de%20Girona|target:_blank&#8221;][\/vc_column][vc_column width=&#8221;1\/3&#8243; offset=&#8221;vc_col-lg-2 vc_col-md-1 vc_hidden-sm vc_hidden-xs&#8221;][\/vc_column][\/vc_row]<\/p>\n<\/div>","protected":false},"excerpt":{"rendered":"<p>[vc_row full_height=&#8221;yes&#8221;][vc_column][\/vc_column][\/vc_row][vc_row full_height=&#8221;yes&#8221; equal_height=&#8221;yes&#8221; content_placement=&#8221;middle&#8221; el_id=&#8221;opis&#8221; css=&#8221;.vc_custom_1695667767280{margin-top: 100px !important;margin-right: 10px !important;margin-left: 10px !important;}&#8221;][vc_column width=&#8221;1\/3&#8243; offset=&#8221;vc_col-lg-offset-0 vc_col-lg-2 vc_col-md-offset-0 vc_col-md-1 vc_col-sm-offset-0 vc_hidden-sm vc_hidden-xs&#8221;][\/vc_column][vc_column offset=&#8221;vc_col-lg-8 vc_col-md-10 vc_col-xs-12&#8243;][vc_column_text] GRAVEL Tour de Girona 2023 [\/vc_column_text][vc_column_text] Kolarska przygoda w GRAVELOWYM RAJU. Podczas tego eventu uczestnicy b\u0119d\u0105 mieli okazj\u0119 przejecha\u0107 okr\u0119\u017cn\u0105 tras\u0119 wok\u00f3\u0142 regionu Girona. Trasa podzielona jest na 5 dobrze zaplanowanych [&hellip;]<\/p>\n","protected":false},"author":1,"featured_media":0,"parent":0,"menu_order":0,"comment_status":"closed","ping_status":"closed","template":"single-tribe_event_series.php","meta":{"inline_featured_image":false,"footnotes":""},"class_list":["post-26141","page","type-page","status-publish","hentry"],"yoast_head":"<!-- This site is optimized with the Yoast SEO plugin v27.5 - https:\/\/yoast.com\/product\/yoast-seo-wordpress\/ -->\n<title>Gravel Tour de Girona 2023 | TOSSA CYCLING<\/title>\n<meta name=\"robots\" content=\"index, follow, max-snippet:-1, max-image-preview:large, max-video-preview:-1\" \/>\n<link rel=\"canonical\" href=\"https:\/\/tossacycling.com\/en\/gravel-tour-de-girona-2023\/\" \/>\n<meta property=\"og:locale\" content=\"en_US\" \/>\n<meta property=\"og:type\" content=\"article\" \/>\n<meta property=\"og:title\" content=\"Gravel Tour de Girona 2023 | TOSSA CYCLING\" \/>\n<meta property=\"og:description\" content=\"[vc_row full_height=&#8221;yes&#8221;][vc_column][\/vc_column][\/vc_row][vc_row full_height=&#8221;yes&#8221; equal_height=&#8221;yes&#8221; content_placement=&#8221;middle&#8221; el_id=&#8221;opis&#8221; css=&#8221;.vc_custom_1695667767280{margin-top: 100px !important;margin-right: 10px !important;margin-left: 10px !important;}&#8221;][vc_column width=&#8221;1\/3&#8243; offset=&#8221;vc_col-lg-offset-0 vc_col-lg-2 vc_col-md-offset-0 vc_col-md-1 vc_col-sm-offset-0 vc_hidden-sm vc_hidden-xs&#8221;][\/vc_column][vc_column offset=&#8221;vc_col-lg-8 vc_col-md-10 vc_col-xs-12&#8243;][vc_column_text] GRAVEL Tour de Girona 2023 [\/vc_column_text][vc_column_text] Kolarska przygoda w GRAVELOWYM RAJU. Podczas tego eventu uczestnicy b\u0119d\u0105 mieli okazj\u0119 przejecha\u0107 okr\u0119\u017cn\u0105 tras\u0119 wok\u00f3\u0142 regionu Girona. Trasa podzielona jest na 5 dobrze zaplanowanych [&hellip;]\" \/>\n<meta property=\"og:url\" content=\"https:\/\/tossacycling.com\/en\/gravel-tour-de-girona-2023\/\" \/>\n<meta property=\"og:site_name\" content=\"TOSSA CYCLING\" \/>\n<meta property=\"article:publisher\" content=\"https:\/\/www.facebook.com\/TossaCycling\" \/>\n<meta property=\"article:modified_time\" content=\"2023-10-07T10:48:15+00:00\" \/>\n<meta property=\"og:image\" content=\"https:\/\/tossacycling.com\/wp-content\/uploads\/2022\/03\/512_TC_round.png\" \/>\n\t<meta property=\"og:image:width\" content=\"512\" \/>\n\t<meta property=\"og:image:height\" content=\"512\" \/>\n\t<meta property=\"og:image:type\" content=\"image\/png\" \/>\n<meta name=\"twitter:card\" content=\"summary_large_image\" \/>\n<meta name=\"twitter:label1\" content=\"Est. reading time\" \/>\n\t<meta name=\"twitter:data1\" content=\"7 minutes\" \/>\n<script type=\"application\/ld+json\" class=\"yoast-schema-graph\">{\"@context\":\"https:\\\/\\\/schema.org\",\"@graph\":[{\"@type\":\"WebPage\",\"@id\":\"https:\\\/\\\/tossacycling.com\\\/en\\\/gravel-tour-de-girona-2023\\\/\",\"url\":\"https:\\\/\\\/tossacycling.com\\\/en\\\/gravel-tour-de-girona-2023\\\/\",\"name\":\"Gravel Tour de Girona 2023 | TOSSA CYCLING\",\"isPartOf\":{\"@id\":\"https:\\\/\\\/tossacycling.com\\\/en\\\/#website\"},\"datePublished\":\"2023-09-25T17:47:08+00:00\",\"dateModified\":\"2023-10-07T10:48:15+00:00\",\"breadcrumb\":{\"@id\":\"https:\\\/\\\/tossacycling.com\\\/en\\\/gravel-tour-de-girona-2023\\\/#breadcrumb\"},\"inLanguage\":\"en-US\",\"potentialAction\":[{\"@type\":\"ReadAction\",\"target\":[[\"https:\\\/\\\/tossacycling.com\\\/en\\\/gravel-tour-de-girona-2023\\\/\"]]}]},{\"@type\":\"BreadcrumbList\",\"@id\":\"https:\\\/\\\/tossacycling.com\\\/en\\\/gravel-tour-de-girona-2023\\\/#breadcrumb\",\"itemListElement\":[{\"@type\":\"ListItem\",\"position\":1,\"name\":\"Home\",\"item\":\"https:\\\/\\\/tossacycling.com\\\/en\\\/\"},{\"@type\":\"ListItem\",\"position\":2,\"name\":\"Gravel Tour de Girona 2023\"}]},{\"@type\":\"WebSite\",\"@id\":\"https:\\\/\\\/tossacycling.com\\\/en\\\/#website\",\"url\":\"https:\\\/\\\/tossacycling.com\\\/en\\\/\",\"name\":\"TOSSA CYCLING\",\"description\":\"CYCLING &amp; GOOD VIBES\",\"publisher\":{\"@id\":\"https:\\\/\\\/tossacycling.com\\\/en\\\/#organization\"},\"potentialAction\":[{\"@type\":\"SearchAction\",\"target\":{\"@type\":\"EntryPoint\",\"urlTemplate\":\"https:\\\/\\\/tossacycling.com\\\/en\\\/?s={search_term_string}\"},\"query-input\":{\"@type\":\"PropertyValueSpecification\",\"valueRequired\":true,\"valueName\":\"search_term_string\"}}],\"inLanguage\":\"en-US\"},{\"@type\":\"Organization\",\"@id\":\"https:\\\/\\\/tossacycling.com\\\/en\\\/#organization\",\"name\":\"TOSSA CYCLING\",\"url\":\"https:\\\/\\\/tossacycling.com\\\/en\\\/\",\"logo\":{\"@type\":\"ImageObject\",\"inLanguage\":\"en-US\",\"@id\":\"https:\\\/\\\/tossacycling.com\\\/en\\\/#\\\/schema\\\/logo\\\/image\\\/\",\"url\":\"https:\\\/\\\/tossacycling.com\\\/wp-content\\\/uploads\\\/2022\\\/02\\\/cropped-squareRecurso-2.png\",\"contentUrl\":\"https:\\\/\\\/tossacycling.com\\\/wp-content\\\/uploads\\\/2022\\\/02\\\/cropped-squareRecurso-2.png\",\"width\":512,\"height\":512,\"caption\":\"TOSSA CYCLING\"},\"image\":{\"@id\":\"https:\\\/\\\/tossacycling.com\\\/en\\\/#\\\/schema\\\/logo\\\/image\\\/\"},\"sameAs\":[\"https:\\\/\\\/www.facebook.com\\\/TossaCycling\",\"https:\\\/\\\/www.instagram.com\\\/tossacycling\\\/\"]}]}<\/script>\n<!-- \/ Yoast SEO plugin. -->","yoast_head_json":{"title":"Gravel Tour de Girona 2023 | TOSSA CYCLING","robots":{"index":"index","follow":"follow","max-snippet":"max-snippet:-1","max-image-preview":"max-image-preview:large","max-video-preview":"max-video-preview:-1"},"canonical":"https:\/\/tossacycling.com\/en\/gravel-tour-de-girona-2023\/","og_locale":"en_US","og_type":"article","og_title":"Gravel Tour de Girona 2023 | TOSSA CYCLING","og_description":"[vc_row full_height=&#8221;yes&#8221;][vc_column][\/vc_column][\/vc_row][vc_row full_height=&#8221;yes&#8221; equal_height=&#8221;yes&#8221; content_placement=&#8221;middle&#8221; el_id=&#8221;opis&#8221; css=&#8221;.vc_custom_1695667767280{margin-top: 100px !important;margin-right: 10px !important;margin-left: 10px !important;}&#8221;][vc_column width=&#8221;1\/3&#8243; offset=&#8221;vc_col-lg-offset-0 vc_col-lg-2 vc_col-md-offset-0 vc_col-md-1 vc_col-sm-offset-0 vc_hidden-sm vc_hidden-xs&#8221;][\/vc_column][vc_column offset=&#8221;vc_col-lg-8 vc_col-md-10 vc_col-xs-12&#8243;][vc_column_text] GRAVEL Tour de Girona 2023 [\/vc_column_text][vc_column_text] Kolarska przygoda w GRAVELOWYM RAJU. Podczas tego eventu uczestnicy b\u0119d\u0105 mieli okazj\u0119 przejecha\u0107 okr\u0119\u017cn\u0105 tras\u0119 wok\u00f3\u0142 regionu Girona. Trasa podzielona jest na 5 dobrze zaplanowanych [&hellip;]","og_url":"https:\/\/tossacycling.com\/en\/gravel-tour-de-girona-2023\/","og_site_name":"TOSSA CYCLING","article_publisher":"https:\/\/www.facebook.com\/TossaCycling","article_modified_time":"2023-10-07T10:48:15+00:00","og_image":[{"width":512,"height":512,"url":"https:\/\/tossacycling.com\/wp-content\/uploads\/2022\/03\/512_TC_round.png","type":"image\/png"}],"twitter_card":"summary_large_image","twitter_misc":{"Est. reading time":"7 minutes"},"schema":{"@context":"https:\/\/schema.org","@graph":[{"@type":"WebPage","@id":"https:\/\/tossacycling.com\/en\/gravel-tour-de-girona-2023\/","url":"https:\/\/tossacycling.com\/en\/gravel-tour-de-girona-2023\/","name":"Gravel Tour de Girona 2023 | TOSSA CYCLING","isPartOf":{"@id":"https:\/\/tossacycling.com\/en\/#website"},"datePublished":"2023-09-25T17:47:08+00:00","dateModified":"2023-10-07T10:48:15+00:00","breadcrumb":{"@id":"https:\/\/tossacycling.com\/en\/gravel-tour-de-girona-2023\/#breadcrumb"},"inLanguage":"en-US","potentialAction":[{"@type":"ReadAction","target":[["https:\/\/tossacycling.com\/en\/gravel-tour-de-girona-2023\/"]]}]},{"@type":"BreadcrumbList","@id":"https:\/\/tossacycling.com\/en\/gravel-tour-de-girona-2023\/#breadcrumb","itemListElement":[{"@type":"ListItem","position":1,"name":"Home","item":"https:\/\/tossacycling.com\/en\/"},{"@type":"ListItem","position":2,"name":"Gravel Tour de Girona 2023"}]},{"@type":"WebSite","@id":"https:\/\/tossacycling.com\/en\/#website","url":"https:\/\/tossacycling.com\/en\/","name":"TOSSA CYCLING","description":"CYCLING &amp; GOOD VIBES","publisher":{"@id":"https:\/\/tossacycling.com\/en\/#organization"},"potentialAction":[{"@type":"SearchAction","target":{"@type":"EntryPoint","urlTemplate":"https:\/\/tossacycling.com\/en\/?s={search_term_string}"},"query-input":{"@type":"PropertyValueSpecification","valueRequired":true,"valueName":"search_term_string"}}],"inLanguage":"en-US"},{"@type":"Organization","@id":"https:\/\/tossacycling.com\/en\/#organization","name":"TOSSA CYCLING","url":"https:\/\/tossacycling.com\/en\/","logo":{"@type":"ImageObject","inLanguage":"en-US","@id":"https:\/\/tossacycling.com\/en\/#\/schema\/logo\/image\/","url":"https:\/\/tossacycling.com\/wp-content\/uploads\/2022\/02\/cropped-squareRecurso-2.png","contentUrl":"https:\/\/tossacycling.com\/wp-content\/uploads\/2022\/02\/cropped-squareRecurso-2.png","width":512,"height":512,"caption":"TOSSA CYCLING"},"image":{"@id":"https:\/\/tossacycling.com\/en\/#\/schema\/logo\/image\/"},"sameAs":["https:\/\/www.facebook.com\/TossaCycling","https:\/\/www.instagram.com\/tossacycling\/"]}]}},"_links":{"self":[{"href":"https:\/\/tossacycling.com\/en\/wp-json\/wp\/v2\/pages\/26141","targetHints":{"allow":["GET"]}}],"collection":[{"href":"https:\/\/tossacycling.com\/en\/wp-json\/wp\/v2\/pages"}],"about":[{"href":"https:\/\/tossacycling.com\/en\/wp-json\/wp\/v2\/types\/page"}],"author":[{"embeddable":true,"href":"https:\/\/tossacycling.com\/en\/wp-json\/wp\/v2\/users\/1"}],"replies":[{"embeddable":true,"href":"https:\/\/tossacycling.com\/en\/wp-json\/wp\/v2\/comments?post=26141"}],"version-history":[{"count":0,"href":"https:\/\/tossacycling.com\/en\/wp-json\/wp\/v2\/pages\/26141\/revisions"}],"wp:attachment":[{"href":"https:\/\/tossacycling.com\/en\/wp-json\/wp\/v2\/media?parent=26141"}],"curies":[{"name":"wp","href":"https:\/\/api.w.org\/{rel}","templated":true}]}}